{"id":2294,"date":"2019-04-05T13:46:02","date_gmt":"2019-04-05T11:46:02","guid":{"rendered":"http:\/\/www.sigmund-freud-institut.de\/?page_id=2294"},"modified":"2023-06-12T14:31:57","modified_gmt":"2023-06-12T12:31:57","slug":"alexandra-litinskaya","status":"publish","type":"page","link":"https:\/\/sigmund-freud-institut.de\/index.php\/mitarbeiter-innen\/alexandra-litinskaya\/","title":{"rendered":"Alexandra Litinskaya"},"content":{"rendered":"<p><a href=\"http:\/\/www.sigmund-freud-institut.de\/wp-content\/uploads\/union-jack-26119_1280-e1557401751941.png\"><img loading=\"lazy\" decoding=\"async\" class=\"alignleft\" src=\"http:\/\/www.sigmund-freud-institut.de\/wp-content\/uploads\/union-jack-26119_1280-e1557401751941.png\" alt=\"\" width=\"45\" height=\"27\" \/><\/a><a href=\"http:\/\/www.sigmund-freud-institut.de\/index.php\/mitarbeiter-innen\/alexandra-litinskaya\/alexandra-litinskaya\/\" target=\"_blank\" rel=\"noopener noreferrer\"><strong>ENGLISH VERSION<\/strong><\/a><\/p>\n<h1>Promotionsstipendiatin<\/h1>\n<h3>Kontakt<\/h3>\n<p>Sigmund-Freud-Institut<br \/>\nMyliusstra\u00dfe 20<br \/>\n60323 Frankfurt am Main<\/p>\n<p>[bg_faq_start]<\/p>\n<h1>Portrait<\/h1>\n<p>Seit 2019<em><br \/>\n<\/em>Promotionsstipendiatin der Hans-B\u00f6ckler-Stiftung am Sigmund-Freud-Institut und der Goethe-Universit\u00e4t Frankfurt am Main<\/p>\n<p>Seit 2018<em><br \/>\n<\/em>T\u00e4tigkeit als Psychoonkologin am Robert-Bosch-Krankenhaus Stuttgart, Abteilung f\u00fcr Psychosomatische Medizin<\/p>\n<p>2017<em><br \/>\n<\/em>T\u00e4tigkeit als Psychoonkologin am Klinikum Stuttgart, Klinik f\u00fcr Psychosomatische Medizin und Psychotherapie<\/p>\n<p>2013 \u2012 2016<em><br \/>\n<\/em>Studentische Mitarbeiterin am Institut f\u00fcr Psychologie, am Institut f\u00fcr Allgemeinmedizin und am Interdisziplin\u00e4ren Kolleg Hochschuldidaktik der Goethe-Universit\u00e4t Frankfurt am Main in verschiedenen Forschungsprojekten<\/p>\n<p>2016<em><br \/>\n<\/em>Masterabschluss in Klinischer Psychologie an der Goethe-Universit\u00e4t Frankfurt am Main<\/p>\n<h1>Forschungsschwerpunkte<\/h1>\n<ul>\n<li>Psychische und psychosoziale Folgen von Migration<\/li>\n<li>Psychotherapieforschung: kultursensitive und muttersprachliche Psychotherapie<\/li>\n<\/ul>\n<h1>Forschungsprojekte<\/h1>\n<ul>\n<li>Psychische Folgen von Migration bei jungen Menschen mit psychischen Erkrankungen im Rahmen des Promotionskollegs \u201ePsychosoziale Folgen von Migration und Flucht \u2013 Generationale Dynamiken und adoleszente Verl\u00e4ufe\u201c<\/li>\n<li>\u201eProzesse und Mechanismen in der muttersprachlichen Psychotherapie\u201c, Abteilung f\u00fcr Klinische Psychologie und Psychotherapie, Goethe-Universit\u00e4t Frankfurt am Main (2014-2016)<\/li>\n<\/ul>\n<h1>Vortr\u00e4ge<\/h1>\n<p>11\/19 Vortrag: \u201eIn dem Alter wei\u00df man gar nicht, was so ein Streit eigentlich ist\u201c \u2013 das Eltern- und Familienbild junger Menschen mit Migrationshintergrund mit psychischen und psychosomatischen Erkrankungen. Goethe-Universit\u00e4t Frankfurt a. M.<\/p>\n<p>09\/19 Poster-Pr\u00e4sentation: \u201eEltern- und Familienbild junger Menschen mit Migrationshintergrund mit psychischen Erkrankungen\u201c. Einf\u00fchrungsseminar f\u00fcr Promovierende der Hans-B\u00f6ckler-Stiftung<\/p>\n<p>07\/19 Poster-Pr\u00e4sentation: \u201eEltern- und Familienbild junger Menschen mit Migrationshintergrund mit psychischen Erkrankungen: Design und Auswertungsmethoden\u201c. 15. Berliner Methodentreffen<\/p>\n<p>05\/19 Vortrag: \u201eDie Bedeutung des Eltern- und Familienbildes in der Erkrankung junger Frauen und M\u00e4nner mit Migrationshintergrund\u201c im Rahmen des Auftaktworkshops am Sigmund-Freud-Institut Frankfurt a. M.<\/p>\n<p>05\/19 Vortrag: \u201eDie Bedeutung des Eltern- und Familienbildes in der Erkrankung junger Frauen und M\u00e4nner mit Migrationshintergrund mit psychischen und psychosomatischen Erkrankungen\u201c. Abteilung f\u00fcr Psychosomatische Medizin, Robert-Bosch-Krankenhaus Stuttgart<\/p>\n<p>04\/19 Vortrag: \u201eDie Bedeutung des Eltern- und Familienbildes in der Erkrankung junger Frauen und M\u00e4nner mit Migrationshintergrund mit psychischen und psychosomatischen Erkrankungen\u201c. Treffen der StipendiatInnen der Hans-B\u00f6ckler-Stiftung Stuttgart<\/p>\n<h1>Publikationen<\/h1>\n<p>Litinskaya, A. (2023): Zum Umgang mit Br\u00fcchen im Kontext von Migration am Beispiel eines jungen Mannes mit Migrationshintergrund. In: Benzel, S., King, V., Koller, H.-C., Meurs, P. &amp; Wei\u00df, H. (Hg.):\u00a0<em>Adoleszenz und Generationendynamik im Kontext von Migration und Flucht.<\/em> Wiesbaden: Springer VS (im Druck).<\/p>\n<p>[bg_faq_end]<\/p>\n","protected":false},"excerpt":{"rendered":"<p>ENGLISH VERSION Promotionsstipendiatin Kontakt Sigmund-Freud-Institut Myliusstra\u00dfe 20 60323 Frankfurt am Main [bg_faq_start] Portrait Seit 2019 Promotionsstipendiatin der Hans-B\u00f6ckler-Stiftung am Sigmund-Freud-Institut und der Goethe-Universit\u00e4t Frankfurt am Main Seit 2018 T\u00e4tigkeit als Psychoonkologin am Robert-Bosch-Krankenhaus Stuttgart, Abteilung f\u00fcr Psychosomatische Medizin 2017 T\u00e4tigkeit als Psychoonkologin am Klinikum Stuttgart, Klinik f\u00fcr Psychosomatische Medizin und Psychotherapie 2013 \u2012 2016 Studentische &hellip; <\/p>\n<p class=\"link-more\"><a href=\"https:\/\/sigmund-freud-institut.de\/index.php\/mitarbeiter-innen\/alexandra-litinskaya\/\" class=\"more-link\"><span class=\"screen-reader-text\">\u201eAlexandra Litinskaya\u201c<\/span> weiterlesen<\/a><\/p>\n","protected":false},"author":2,"featured_media":0,"parent":31,"menu_order":75,"comment_status":"closed","ping_status":"closed","template":"","meta":{"footnotes":""},"class_list":["post-2294","page","type-page","status-publish","hentry"],"_links":{"self":[{"href":"https:\/\/sigmund-freud-institut.de\/index.php\/wp-json\/wp\/v2\/pages\/2294","targetHints":{"allow":["GET"]}}],"collection":[{"href":"https:\/\/sigmund-freud-institut.de\/index.php\/wp-json\/wp\/v2\/pages"}],"about":[{"href":"https:\/\/sigmund-freud-institut.de\/index.php\/wp-json\/wp\/v2\/types\/page"}],"author":[{"embeddable":true,"href":"https:\/\/sigmund-freud-institut.de\/index.php\/wp-json\/wp\/v2\/users\/2"}],"replies":[{"embeddable":true,"href":"https:\/\/sigmund-freud-institut.de\/index.php\/wp-json\/wp\/v2\/comments?post=2294"}],"version-history":[{"count":0,"href":"https:\/\/sigmund-freud-institut.de\/index.php\/wp-json\/wp\/v2\/pages\/2294\/revisions"}],"up":[{"embeddable":true,"href":"https:\/\/sigmund-freud-institut.de\/index.php\/wp-json\/wp\/v2\/pages\/31"}],"wp:attachment":[{"href":"https:\/\/sigmund-freud-institut.de\/index.php\/wp-json\/wp\/v2\/media?parent=2294"}],"curies":[{"name":"wp","href":"https:\/\/api.w.org\/{rel}","templated":true}]}}