{"id":3484,"date":"2019-12-02T12:38:59","date_gmt":"2019-12-02T10:38:59","guid":{"rendered":"http:\/\/www.sigmund-freud-institut.de\/?page_id=3484"},"modified":"2024-05-03T09:37:24","modified_gmt":"2024-05-03T07:37:24","slug":"franziska-heinz","status":"publish","type":"page","link":"https:\/\/sigmund-freud-institut.de\/index.php\/mitarbeiter-innen\/franziska-heinz\/","title":{"rendered":"Franziska Heinz"},"content":{"rendered":"<h4><img decoding=\"async\" src=\"http:\/\/www.sigmund-freud-institut.de\/wp-content\/uploads\/union-jack-26119_1280-e1557401751941.png\" \/> <a href=\"http:\/\/www.sigmund-freud-institut.de\/index.php\/mitarbeiter-innen\/franziska-heinz\/franziska-heinz\/\" target=\"_blank\" rel=\"noopener noreferrer\">ENGLISH VERSION<\/a><\/h4>\n<h1>Promotionsstipendiatin<\/h1>\n<h3>Kontakt<\/h3>\n<p>Sigmund-Freud-Institut<br \/>\nMyliusstra\u00dfe 20<br \/>\n60323 Frankfurt am Main<br \/>\nRaum U.11<\/p>\n<p>Telefon 069 971204-154<br \/>\nTelefax 069 971204-4<\/p>\n<p>E-Mail <a href=\"mailto:heinz@sigmund-freud-institut.de\" target=\"_blank\" rel=\"noopener noreferrer\">heinz<br \/>\n(at)sigmund-freud-institut.de<\/a><\/p>\n<p>[bg_faq_start]<\/p>\n<h1>Portrait<\/h1>\n<p>Seit 2019<br \/>\nDissertation im Promotionskolleg \u201ePsychosoziale Folgen von Migration und Flucht \u2013 generationale Dynamiken und adoleszente Verl\u00e4ufe\u201c der Hans-B\u00f6ckler-Stiftung, Sigmund-Freud-Institut Frankfurt und Universit\u00e4t Hamburg<\/p>\n<p>2019<br \/>\nPraktikum in der Psychosomatischen Tagesklinik, Hospital zum Heiligen Geist Frankfurt<\/p>\n<p>2018 \u2012 2019<br \/>\nPraktikum in der Psychiatrischen Tagesklinik, Klinikum Hanau<\/p>\n<p>2014 \u2012 2018<br \/>\nPsychologin beim Psychosozialen Dienst der Klinik f\u00fcr Kinder- und Jugendmedizin, Universit\u00e4tsklinikum Gie\u00dfen-Marburg, Standort Marburg<\/p>\n<p>2011 \u2012 2014<br \/>\nWissenschaftliche Hilfskraft und Tutorin am Fachbereich Psychologie, AG Assoziatives Lernen, Philipps-Universit\u00e4t Marburg<\/p>\n<p>2009 \u2012 2014<br \/>\nStudium der Psychologie mit Diplomabschluss, Philipps-Universit\u00e4t Marburg<\/p>\n<h1>Forschungsschwerpunkte<\/h1>\n<ul>\n<li>Adoleszenz- und Bildungsforschung<\/li>\n<li>Psychosoziale Folgen von Migration und transgenerationale Prozesse<\/li>\n<\/ul>\n<h1>Publikationen<\/h1>\n<p>Heinz, F. (2023): Geschlechteraspekte in der intergenerationalen Weitergabe von Bildungsaspirationen am Beispiel von Familien mit t\u00fcrkischer Migrationsgeschichte. In: Benzel, S., King, V., Koller, H.-C., Meurs, P. &amp; Wei\u00df, H. (Hg.):\u00a0<em>Adoleszenz und Generationendynamik im Kontext von Migration und Flucht.<\/em> Wiesbaden: Springer VS (im Druck).<\/p>\n<p>[bg_faq_end]<\/p>\n","protected":false},"excerpt":{"rendered":"<p>ENGLISH VERSION Promotionsstipendiatin Kontakt Sigmund-Freud-Institut Myliusstra\u00dfe 20 60323 Frankfurt am Main Raum U.11 Telefon 069 971204-154 Telefax 069 971204-4 E-Mail heinz (at)sigmund-freud-institut.de [bg_faq_start] Portrait Seit 2019 Dissertation im Promotionskolleg \u201ePsychosoziale Folgen von Migration und Flucht \u2013 generationale Dynamiken und adoleszente Verl\u00e4ufe\u201c der Hans-B\u00f6ckler-Stiftung, Sigmund-Freud-Institut Frankfurt und Universit\u00e4t Hamburg 2019 Praktikum in der Psychosomatischen Tagesklinik, Hospital &hellip; <\/p>\n<p class=\"link-more\"><a href=\"https:\/\/sigmund-freud-institut.de\/index.php\/mitarbeiter-innen\/franziska-heinz\/\" class=\"more-link\"><span class=\"screen-reader-text\">\u201eFranziska Heinz\u201c<\/span> weiterlesen<\/a><\/p>\n","protected":false},"author":2,"featured_media":0,"parent":31,"menu_order":60,"comment_status":"closed","ping_status":"closed","template":"","meta":{"footnotes":""},"class_list":["post-3484","page","type-page","status-publish","hentry"],"_links":{"self":[{"href":"https:\/\/sigmund-freud-institut.de\/index.php\/wp-json\/wp\/v2\/pages\/3484","targetHints":{"allow":["GET"]}}],"collection":[{"href":"https:\/\/sigmund-freud-institut.de\/index.php\/wp-json\/wp\/v2\/pages"}],"about":[{"href":"https:\/\/sigmund-freud-institut.de\/index.php\/wp-json\/wp\/v2\/types\/page"}],"author":[{"embeddable":true,"href":"https:\/\/sigmund-freud-institut.de\/index.php\/wp-json\/wp\/v2\/users\/2"}],"replies":[{"embeddable":true,"href":"https:\/\/sigmund-freud-institut.de\/index.php\/wp-json\/wp\/v2\/comments?post=3484"}],"version-history":[{"count":1,"href":"https:\/\/sigmund-freud-institut.de\/index.php\/wp-json\/wp\/v2\/pages\/3484\/revisions"}],"predecessor-version":[{"id":13061,"href":"https:\/\/sigmund-freud-institut.de\/index.php\/wp-json\/wp\/v2\/pages\/3484\/revisions\/13061"}],"up":[{"embeddable":true,"href":"https:\/\/sigmund-freud-institut.de\/index.php\/wp-json\/wp\/v2\/pages\/31"}],"wp:attachment":[{"href":"https:\/\/sigmund-freud-institut.de\/index.php\/wp-json\/wp\/v2\/media?parent=3484"}],"curies":[{"name":"wp","href":"https:\/\/api.w.org\/{rel}","templated":true}]}}