{"id":604,"date":"2018-06-05T10:39:58","date_gmt":"2018-06-05T10:39:58","guid":{"rendered":"http:\/\/test.sigmund-freud-institut.de\/Wordpress\/?page_id=604"},"modified":"2025-11-19T11:33:45","modified_gmt":"2025-11-19T10:33:45","slug":"julia-schreiber","status":"publish","type":"page","link":"https:\/\/sigmund-freud-institut.de\/index.php\/mitarbeiter-innen\/julia-schreiber\/","title":{"rendered":"Dr. Phil. Julia Schreiber"},"content":{"rendered":"<p><a href=\"http:\/\/www.sigmund-freud-institut.de\/index.php\/mitarbeiter-innen\/julia-schreiber\/dr-des-julia-schreiber\/\" target=\"_blank\" rel=\"noopener noreferrer\"><strong><img decoding=\"async\" src=\"http:\/\/www.sigmund-freud-institut.de\/wp-content\/uploads\/union-jack-26119_1280-e1557401751941.png\" \/>\u00a0 ENGLISH VERSION<\/strong><\/a><\/p>\n<h1>Wissenschaftliche Mitarbeiterin<\/h1>\n<h3>Kontakt<\/h3>\n<p>Sigmund-Freud-Institut<br \/>Myliusstra\u00dfe 20<br \/>60323 Frankfurt am Main<br \/>Raum 1.01<\/p>\n<p>Telefon 069 971204-155<br \/>E-Mail\u00a0<a class=\"mail\" href=\"mailto:schreiber@sigmund-freud-institut.de\">schreiber<br \/>(at)sigmund-freud-institut.de<\/a><\/p>\n<h1>Portrait<\/h1>\n<p>2019<br \/>Promotion zum Dr. phil. mit einer Arbeit zum Thema \u201eK\u00f6rperpraxis und Leiberleben im Kontext sp\u00e4tmoderner Optimierungsanforderungen\u201c (summa cum laude)<\/p>\n<p>Seit 2018<br \/>Wissenschaftliche Mitarbeiterin an der Goethe-Universit\u00e4t Frankfurt, Professur f\u00fcr Soziologie und psychoanalytische Sozialpsychologie<\/p>\n<p>Seit 2016<br \/>Wissenschaftliche Mitarbeiterin am Sigmund-Freud-Institut<\/p>\n<p>2012 \u2013 2016<br \/>Wissenschaftliche Mitarbeiterin an der Universit\u00e4t Hamburg, Fakult\u00e4t f\u00fcr Erziehungswissenschaft\u00a0<\/p>\n<p><em>2008 \u2013 2012<\/em><br \/>Studentische Mitarbeiterin am Institut f\u00fcr Soziologie, am Institut f\u00fcr Erziehungswissenschaft und am Institut f\u00fcr Bildung und Kultur der Universit\u00e4t Jena in verschiedenen Forschungsprojekten<\/p>\n<p>2006 \u2013 2012<br \/>Magisterstudium der Soziologie, Erziehungswissenschaft und Rechtswissenschaft an der Friedrich-Schiller-Universit\u00e4t Jena<\/p>\n<h1>Forschungsschwerpunkte<\/h1>\n<ul>\n<li>Elternschaft im Kontext gesellschaftlichen Wandels<\/li>\n<li>(Selbst-)Optimierung und Quantifizierung\u00a0in der Sp\u00e4tmoderne<\/li>\n<li>K\u00f6rper, Leib, Geschlecht<\/li>\n<li>Qualitative Sozialforschung, Sozialisations- und Biographieforschung<\/li>\n<\/ul>\n<h1>Forschungsprojekte<\/h1>\n<p><strong><a href=\"https:\/\/www.sigmund-freud-institut.de\/wp-content\/uploads\/BOER_Kurzbeschreibung_dt.pdf\">Biographische &#8218;Optimierung&#8216; von Elternschaft durch Reproduktionsmedizin. Ver\u00e4nderungen von Familienplanung und Geschlechterbedeutungen<\/a> (Pilotstudie)<br \/><\/strong>Laufzeit: 10\/2020 \u2012 12\/2021<br \/>F\u00f6rderung:\u00a0Gleichstellungsb\u00fcro der Goethe-Univ. + Dekanat des FB 03, F\u00f6rderlinie \u201akleine Genderprojekte\u2018 zur Nachwuchsf\u00f6rderung<br \/>Leitung: Prof. Dr. Vera King (Goethe-Univ. &amp; SFI), Dr. Julia Schreiber (Goethe-Univ. &amp; SFI)<\/p>\n<p><a href=\"https:\/\/sigmund-freud-institut.de\/wp-content\/uploads\/VL_Vermessenes-Leben_Projekt_VoWa_20210609_akt-2.pdf\"><strong>Das vermessene Leben. Produktive und kontraproduktive Folgen der Quantifizierung in der digital optimierenden Gesellschaft<\/strong><\/a><br \/>Laufzeit: 02\/2018 \u2012 03\/2026<br \/>F\u00f6rderung:\u00a0VolkswagenStiftung, F\u00f6rderinitiative \u201eSchl\u00fcsselthemen f\u00fcr Wissenschaft und Gesellschaft\u201c<br \/>Leitung:\u00a0Prof. Dr. Vera King (Sprecherin, Frankfurt a. M.), Prof. Dr. Benigna Gerisch (Berlin), Prof. Dr. Hartmut Rosa (Jena)<\/p>\n<p><strong>K\u00f6rperoptimierung. Selbstverbesserung zwischen Grenz\u00fcberschreitung und Leibgebundenheit (Promotionsprojekt)<br \/><\/strong>Laufzeit: 2013 <strong>\u2012 <\/strong>2018<\/p>\n<p><a href=\"https:\/\/sigmund-freud-institut.de\/index.php\/forschung\/forschungsschwerpunkte\/apas\/\"><strong>Aporien der Perfektionierung in der beschleunigten Moderne. Gegenw\u00e4rtiger kultureller Wandel von Selbstentw\u00fcrfen, Beziehungsgestaltungen und K\u00f6rperpraktiken (APAS)<\/strong><\/a><br \/>Laufzeit: 12\/2012 \u2012 04\/2018<br \/>F\u00f6rderung:\u00a0VolkswagenStiftung, F\u00f6rderinitiative \u201eSchl\u00fcsselthemen f\u00fcr Wissenschaft und Gesellschaft\u201c<br \/>Leitung:\u00a0Prof. Dr. Vera King (Sprecherin, Frankfurt a.M.), Prof. Dr. Benigna Gerisch (Berlin), Prof. Dr. Hartmut Rosa (Jena)<\/p>\n<h1><a href=\"https:\/\/sigmund-freud-institut.de\/index.php\/mitarbeiter-innen\/julia-schreiber\/publikationen\/\">Publikationen<\/a><\/h1>\n<h1><a href=\"https:\/\/sigmund-freud-institut.de\/wp-content\/uploads\/Veranstaltungen-Schreiber-Aug-25.pdf\">Veranstaltungen<\/a><\/h1>\n<h1>Mitgliedschaften und Funktionen<\/h1>\n<p>Assoziiertes Mitglied der DFG-Forschungsgruppe 5022 <a href=\"https:\/\/for5022.de\/de\/startseite\/\"><em>Medizin und die Zeitstruktur guten Lebens<\/em><\/a> (1. Laufzeit 2021-2025, seit 2025 2. Laufzeit)<\/p>\n<p>Mitglied im DFG-Netzwerk <a href=\"https:\/\/www.uni-due.de\/biwi\/kindheitsforschung\/netzwerk.php\"><em>\u201aJung sein \u2013 \u00e4lter werden: Zeitlichkeiten im Wandel\u2018<\/em><\/a> (Laufzeit 2017-2020)<\/p>\n\n\n<h2 class=\"wp-block-heading\"><\/h2>\n","protected":false},"excerpt":{"rendered":"<p>\u00a0 ENGLISH VERSION Wissenschaftliche Mitarbeiterin Kontakt Sigmund-Freud-InstitutMyliusstra\u00dfe 2060323 Frankfurt am MainRaum 1.01 Telefon 069 971204-155E-Mail\u00a0schreiber(at)sigmund-freud-institut.de Portrait 2019Promotion zum Dr. phil. mit einer Arbeit zum Thema \u201eK\u00f6rperpraxis und Leiberleben im Kontext sp\u00e4tmoderner Optimierungsanforderungen\u201c (summa cum laude) Seit 2018Wissenschaftliche Mitarbeiterin an der Goethe-Universit\u00e4t Frankfurt, Professur f\u00fcr Soziologie und psychoanalytische Sozialpsychologie Seit 2016Wissenschaftliche Mitarbeiterin am Sigmund-Freud-Institut 2012 \u2013 &hellip; <\/p>\n<p class=\"link-more\"><a href=\"https:\/\/sigmund-freud-institut.de\/index.php\/mitarbeiter-innen\/julia-schreiber\/\" class=\"more-link\"><span class=\"screen-reader-text\">\u201eDr. Phil. Julia Schreiber\u201c<\/span> weiterlesen<\/a><\/p>\n","protected":false},"author":1,"featured_media":0,"parent":31,"menu_order":113,"comment_status":"closed","ping_status":"closed","template":"","meta":{"footnotes":""},"class_list":["post-604","page","type-page","status-publish","hentry"],"_links":{"self":[{"href":"https:\/\/sigmund-freud-institut.de\/index.php\/wp-json\/wp\/v2\/pages\/604","targetHints":{"allow":["GET"]}}],"collection":[{"href":"https:\/\/sigmund-freud-institut.de\/index.php\/wp-json\/wp\/v2\/pages"}],"about":[{"href":"https:\/\/sigmund-freud-institut.de\/index.php\/wp-json\/wp\/v2\/types\/page"}],"author":[{"embeddable":true,"href":"https:\/\/sigmund-freud-institut.de\/index.php\/wp-json\/wp\/v2\/users\/1"}],"replies":[{"embeddable":true,"href":"https:\/\/sigmund-freud-institut.de\/index.php\/wp-json\/wp\/v2\/comments?post=604"}],"version-history":[{"count":6,"href":"https:\/\/sigmund-freud-institut.de\/index.php\/wp-json\/wp\/v2\/pages\/604\/revisions"}],"predecessor-version":[{"id":15505,"href":"https:\/\/sigmund-freud-institut.de\/index.php\/wp-json\/wp\/v2\/pages\/604\/revisions\/15505"}],"up":[{"embeddable":true,"href":"https:\/\/sigmund-freud-institut.de\/index.php\/wp-json\/wp\/v2\/pages\/31"}],"wp:attachment":[{"href":"https:\/\/sigmund-freud-institut.de\/index.php\/wp-json\/wp\/v2\/media?parent=604"}],"curies":[{"name":"wp","href":"https:\/\/api.w.org\/{rel}","templated":true}]}}