{"id":7740,"date":"2022-01-27T16:44:38","date_gmt":"2022-01-27T14:44:38","guid":{"rendered":"https:\/\/www.sigmund-freud-institut.de\/?page_id=7740"},"modified":"2026-02-23T14:49:46","modified_gmt":"2026-02-23T13:49:46","slug":"dennis-schaefer","status":"publish","type":"page","link":"https:\/\/sigmund-freud-institut.de\/index.php\/mitarbeiter-innen\/dennis-schaefer\/","title":{"rendered":"MSc. Psych. Dennis Sch\u00e4fer"},"content":{"rendered":"\n<p><img decoding=\"async\" src=\"http:\/\/www.sigmund-freud-institut.de\/wp-content\/uploads\/union-jack-26119_1280-e1557401751941.png\"><a href=\"https:\/\/www.sigmund-freud-institut.de\/index.php\/mitarbeiter-innen\/dennis-schaefer\/dennis-schaefer\/\">&nbsp;&nbsp;&nbsp;<strong>ENGLISH VERSION<\/strong><\/a><\/p>\n\n\n\n<h1 class=\"wp-block-heading\">Wissenschaftlicher Mitarbeiter<\/h1>\n\n\n\n<h3 class=\"wp-block-heading\">Kontakt <\/h3>\n\n\n\n<p>Sigmund-Freud-Institut<br>Myliusstra\u00dfe 20<br>60323 Frankfurt am Main<br>Raum 1.07<\/p>\n\n\n\n<p>Telefon 069 971204-133<br>Telefax 069 971204-4<br>E-Mail <a href=\"mailto:d.schaefer@sigmund-freud-institut.de\" target=\"_blank\" rel=\"noreferrer noopener\">d.schaefer<br>(at)sigmund-freud-institut.de<\/a><\/p>\n\n\n\n\n\n<h1 class=\"wp-block-heading\">Portrait<\/h1>\n\n\n\n<p>Seit 08\/2023<br>Wissenschaftlicher Mitarbeiter am Sigmund-Freud-Institut im Projekt \u201eBindungstrauma bei Adoptiv- und Pflegekindern: Eine psychoanalytische Therapiestudie (BAPAS)\u201c unter der Leitung von Prof. Dr. Patrick Meurs<\/p>\n\n\n\n<p>Seit 04\/2023<br>Wissenschaftlicher Mitarbeiter am Sigmund-Freud-Institut im Projekt \u201e\u00dcbergangsr\u00e4ume des (Weiter-)Ankommens (\u00dcWA)&#8220; unter der Leitung von Prof. Dr. Patrick Meurs<\/p>\n\n\n\n<p>03\/2023<br>Abschluss M.Sc. Psychologie an der Gutenberg-Universit\u00e4t Mainz<\/p>\n\n\n\n<p>01\/2022 bis 03\/2023<br>Wissenschaftlicher Mitarbeiter am Sigmund-Freud-Institut im Projekt \u201eZwischenr\u00e4ume des Ankommens\u201c unter der Leitung von Prof. Dr. Patrick Meurs<\/p>\n\n\n\n<p>08\/2020<br>Abschluss B.Sc. Psychologie an der Gutenberg-Universit\u00e4t Mainz<\/p>\n\n\n\n<p>2017 bis 2021<br>Wissenschaftliche Hilfskraft im Bereich der Kinder- und Familienpsychosomatik des Universit\u00e4tsklinikums Gie\u00dfen im Projekt \u201eJugend im Risiko\u201c unter der Leitung von Prof. Dr. Burkhard Brosig<\/p>\n\n\n\n<p>05\/2017<br>Abschluss M.A. Soziologie an der Goethe-Universit\u00e4t Frankfurt<\/p>\n\n\n\n<p>WS 2015 \/ 2016<br>Studentische Hilfskraft am Lehrstuhl f\u00fcr Qualitative Sozialforschung an der Goethe-Universit\u00e4t Frankfurt<\/p>\n\n\n\n<p>01\/2014<br>Abschluss B.A. Soziologie an der Goethe-Universit\u00e4t Frankfurt<\/p>\n\n\n\n<h1 class=\"wp-block-heading\">Forschungsschwerpunkte<\/h1>\n\n\n\n<ul class=\"wp-block-list\">\n<li>Qualitative Sozialforschung<\/li>\n\n\n\n<li>Migration und Flucht<\/li>\n\n\n\n<li>Psychische Gesundheit und Belastung in der beruflichen Qualifizierung<\/li>\n\n\n\n<li>Psychosoziale Versorgung in der Berufsorientierung<\/li>\n<\/ul>\n\n\n\n<h1 class=\"wp-block-heading\">Forschungsprojekte<\/h1>\n\n\n\n<p><strong>ITAV &#8211; Familienbegleitung und Netzwerkberatung in psychoanalytische Behandlung komplex bindungstraumatisierter Adoptiv- und Pflegekinder<\/strong><\/p>\n\n\n\n<p><strong>Wissenschaftliche Leitung<\/strong>: Prof. Dr. Patrick Meurs<br><strong>Wissenschaftliche MitarbeiteInnen<\/strong>: Dennis Sch\u00e4fer<br><strong>Gef\u00f6rdert durch<\/strong>: Heidehof Stiftung<br><strong>Projektlaufzeit<\/strong>: 02\/26 \u2013 01\/27<\/p>\n\n\n\n<p><a href=\"https:\/\/www.idea-frankfurt.eu\/de\/bapas\"><strong>Bindungstrauma bei Adoptiv- und Pflegekindern \u2013 Eine psychoanalytische Therapiestudie (BAPAS)<\/strong><\/a><br>Senior Scientist: Prof. Dr. Patrick Meurs<br>Funktion: Wissenschaftlicher Mitarbeiter<br>Gef\u00f6rdert durch: IDeA<br>Projektlaufzeit: 07\/21 \u2013 04\/26<\/p>\n\n\n\n<p><strong><a href=\"https:\/\/www.sigmund-freud-institut.de\/wp-content\/uploads\/UeWA_Projektbeschreibung_25.01.2024.pdf\">\u00dcbergangsr\u00e4ume des Weiter(an)kommens (\u00dcWA)<\/a><br>Nachfolgeprojekt zu ZA und VTI<\/strong><br>Projektleitung: Prof. Dr. Patrick Meurs<br>Funktion: Wissenschaftlicher Mitarbeiter<br>Gef\u00f6rdert durch: Hessisches Ministerium f\u00fcr Soziales und Integration<br>Projektlaufzeit: 04\/23 \u2013 12\/25<\/p>\n\n\n\n<p><strong>Zwischenr\u00e4ume des Ankommens (ZA-Projekt)<\/strong> <br><strong>Nachfolgeprojekt zu VTI<br><\/strong>Projektleitung: Prof. Dr. Patrick Meurs<br>Funktion: Wissenschaftlicher Mitarbeiter<br>Gef\u00f6rdert durch: Hessisches Ministerium f\u00fcr Soziales und Integration<br>Projektlaufzeit: 01\/20 \u2013 03\/23 <\/p>\n\n\n\n<p><strong>Projekt \u201eJugend im Risiko\u201c<\/strong> &#8211; <br>Kooperationsprojekt zwischen der Kinder- und Familienpsychosomatik<br>des Universit\u00e4tsklinikums Gie\u00dfen und der Jugendwerkstatt Gie\u00dfen<br>Projektleitung: Prof. Dr. Burkhard Brosig<br>Funktion: Wissenschaftliche Hilfskraft<br>F\u00f6rderung: u.a. Europ\u00e4ischer Sozialfonds<br>Projektlaufzeit: seit 2013<\/p>\n\n\n\n<h1 class=\"wp-block-heading\">Vortr\u00e4ge und Veranstaltungen<\/h1>\n\n\n\n<p>06\/2025: Vortrag \u201eMan f\u00fchlt sich immer so\u2019n bisschen zerrissen\u201c \u2013 Aufwachsen unter Fluchtbedingungen, im Rahmen der F\u00f6rdergesellschaft des Sigmund-Freud-Instituts, mit Ina Kulic am 26.06.2025 in Frankfurt am Main.<\/p>\n\n\n\n<p>Vortrag \u201eGefl\u00fcchtete Kinder in der Schule \u2013 Empirische Einblicke in die Migrations- und Fluchtforschung am Sigmund-Freud-Institut\u201c, im Rahmen der Tagung des IDeA-Zentrums in Bad Homburg, 26.09.2024<\/p>\n\n\n\n<p>Vortrag \u201eDie psychodynamische Arbeit mit bindungstraumatisierten Pflege- und Adoptivkindern\u201c im Rahmen des 53. Kongresses der Deutschen Gesellschaft f\u00fcr Psychologie vom 16. bis 19.9.2024 an der Universit\u00e4t Wien<\/p>\n\n\n\n<p>Vortrag \u201eHandlungsempfehlungen f\u00fcr die psychosoziale Versorgung Gefl\u00fcchteter \u2013 Ergebnisse des Forschungsprojekts \u00b4Zwischenr\u00e4ume des Ankommens\u00b4\u201c im Rahmen der Online-Tagung \u201eIm Dickicht des Ankommens: L\u00fccken, Grenzen und Potenziale in der psychosozialen Arbeit mit Gefl\u00fcchteten \u2013 Ergebnisse der Begleitforschung zu den vier Zentren f\u00fcr psychosoziale Versorgung in Hessen\u201c, am Sigmund-Freud-Institut, 7.10.2022<\/p>\n\n\n\n<p>Vortrag \u201eRestricted by measures against the coronavirus? Difficulties at the Transition from school to work in times of a pandemic\u201d im Rahmen des Online Workshops \u201eEthics, children, education and the COVID-19 pandemic\u201d, vom 28. bis 29.9.2021 veranstaltet vom Centre for Ethics and Poverty Research an der Universit\u00e4t Salzburg.<\/p>\n\n\n\n<h1 class=\"wp-block-heading\">Publikationen<\/h1>\n\n\n\n<p>Meurs, P., Ziegler, P., <strong>Sch\u00e4fer, D.<\/strong> (2023): Radikalisierung islamischer Jugendlicher in psychoanalytischer Perspektive. <em>Jugendhilfe<\/em>, 96-99.<\/p>\n\n\n\n<p><strong>Meurs, P., Poholski, C., Ziegler, P., Sch\u00e4fer, D.,Ghassan, D. &amp; Zokai, R.<\/strong>&nbsp;(2023): Zur Gestalt psycho-therapeutischer Beziehungen mit Kindern und Jugendlichen w\u00e4hrend der Ankommensphase nach der Flucht. In:Traxl, B. (Hrsg.):&nbsp;<em>Psychoanalyse outside the box&nbsp;<\/em>(S. 15-40)<em>.&nbsp;<\/em>Gie\u00dfen: Brandes &amp; Apsel.<\/p>\n\n\n\n<p>Botschek, T., Monninger, M., <strong>Sch\u00e4fer, D.<\/strong>, Cevik, R., Memis, K., M\u00fcller, U., Monninger, M. &amp; Brosig, B. (2023): Evaluation of multidimensional pediatric-psychosomatic inpatient therapy: a pilot study comparing two treatment modalities. Front. Psychol. 14: 1022409. doi: 10.3389\/fpsyg.2023.1022409<\/p>\n\n\n\n<p>M\u00f6hring, J., <strong>Sch\u00e4fer, D.<\/strong>, Huth, M., Brosig, B. (2023): Restricted by measures against the coronavirus? Difficulties at the transition from school to work in times of a pandemic. <em>Studies in Philosophy and Education<\/em>, 42, 83-99.<\/p>\n\n\n\n<p><strong>Sch\u00e4fer, D.<\/strong>, M\u00f6hring J. V., &amp; Brosig, B. (2022): Psychosomatische Belastungen in der beruflichen Qualifizierung \u2013 eine projektbegleitende Studie. <em>Forum Sozialarbeit + Gesundheit, <\/em>4, 50-53.<\/p>\n\n\n\n<p>Meurs, P., Jensen, A., Kuhn, M. M., Arnold, S., Zokai, R., Lohl, J., Ghassan, D., <strong>Sch\u00e4fer, D.<\/strong>, &amp; Stumpf\u00f6gger, N. (2022): Im Dickicht des Ankommens. Einblicke in die psychosoziale Begleitung von Gefl\u00fcchteten. Gie\u00dfen: Psychosozial-Verlag. <\/p>\n\n\n\n<p>M\u00f6hring, J., <strong>Sch\u00e4fer, D., <\/strong>&amp; Brosig, B. (2021): Risky Transitions. Vocational Development between Traumatic Biography and the Search for Identity.&nbsp;<em>Advances in Applied Sociology<\/em>,&nbsp;11, 669-694.&nbsp;doi: 10.4236\/aasoci.2021.1112056&nbsp;<\/p>\n\n\n\n<p><strong>Sch\u00e4fer, D.<\/strong>, M\u00f6hring, J. V., Brosig, B. (2020): Hilfen zwischen Schule und Beruf. Eine Evaluation der Bew\u00e4ltigung psychischer Problemlagen. Forum Sozialarbeit + Gesundheit, 4, 25-28.&nbsp;<\/p>\n\n\n\n<p><\/p>\n\n\n\n<p><\/p>\n\n\n\n<p><\/p>\n\n\n\n<p><\/p>\n\n\n\n<p><\/p>\n\n\n","protected":false},"excerpt":{"rendered":"<p>&nbsp;&nbsp;&nbsp;ENGLISH VERSION Wissenschaftlicher Mitarbeiter Kontakt Sigmund-Freud-InstitutMyliusstra\u00dfe 2060323 Frankfurt am MainRaum 1.07 Telefon 069 971204-133Telefax 069 971204-4E-Mail d.schaefer(at)sigmund-freud-institut.de Portrait Seit 08\/2023Wissenschaftlicher Mitarbeiter am Sigmund-Freud-Institut im Projekt \u201eBindungstrauma bei Adoptiv- und Pflegekindern: Eine psychoanalytische Therapiestudie (BAPAS)\u201c unter der Leitung von Prof. Dr. Patrick Meurs Seit 04\/2023Wissenschaftlicher Mitarbeiter am Sigmund-Freud-Institut im Projekt \u201e\u00dcbergangsr\u00e4ume des (Weiter-)Ankommens (\u00dcWA)&#8220; unter der &hellip; <\/p>\n<p class=\"link-more\"><a href=\"https:\/\/sigmund-freud-institut.de\/index.php\/mitarbeiter-innen\/dennis-schaefer\/\" class=\"more-link\"><span class=\"screen-reader-text\">\u201eMSc. Psych. Dennis Sch\u00e4fer\u201c<\/span> weiterlesen<\/a><\/p>\n","protected":false},"author":2,"featured_media":0,"parent":31,"menu_order":0,"comment_status":"closed","ping_status":"closed","template":"","meta":{"footnotes":""},"class_list":["post-7740","page","type-page","status-publish","hentry"],"_links":{"self":[{"href":"https:\/\/sigmund-freud-institut.de\/index.php\/wp-json\/wp\/v2\/pages\/7740","targetHints":{"allow":["GET"]}}],"collection":[{"href":"https:\/\/sigmund-freud-institut.de\/index.php\/wp-json\/wp\/v2\/pages"}],"about":[{"href":"https:\/\/sigmund-freud-institut.de\/index.php\/wp-json\/wp\/v2\/types\/page"}],"author":[{"embeddable":true,"href":"https:\/\/sigmund-freud-institut.de\/index.php\/wp-json\/wp\/v2\/users\/2"}],"replies":[{"embeddable":true,"href":"https:\/\/sigmund-freud-institut.de\/index.php\/wp-json\/wp\/v2\/comments?post=7740"}],"version-history":[{"count":8,"href":"https:\/\/sigmund-freud-institut.de\/index.php\/wp-json\/wp\/v2\/pages\/7740\/revisions"}],"predecessor-version":[{"id":15955,"href":"https:\/\/sigmund-freud-institut.de\/index.php\/wp-json\/wp\/v2\/pages\/7740\/revisions\/15955"}],"up":[{"embeddable":true,"href":"https:\/\/sigmund-freud-institut.de\/index.php\/wp-json\/wp\/v2\/pages\/31"}],"wp:attachment":[{"href":"https:\/\/sigmund-freud-institut.de\/index.php\/wp-json\/wp\/v2\/media?parent=7740"}],"curies":[{"name":"wp","href":"https:\/\/api.w.org\/{rel}","templated":true}]}}