{"id":8192,"date":"2022-03-03T13:42:26","date_gmt":"2022-03-03T11:42:26","guid":{"rendered":"https:\/\/www.sigmund-freud-institut.de\/?page_id=8192"},"modified":"2024-02-20T16:42:33","modified_gmt":"2024-02-20T15:42:33","slug":"vortrage","status":"publish","type":"page","link":"https:\/\/sigmund-freud-institut.de\/index.php\/mitarbeiter-innen\/prof-dr-patrick-meurs\/vortrage\/","title":{"rendered":"Vortr\u00e4ge"},"content":{"rendered":"\n<p><strong>2024<\/strong><br>Vortrag: \u201eKomplexe M\u00e4nnlichkeiten: \u00c4nderungen der famili\u00e4ren Rollen und des Geschlechterbildes bei gefl\u00fcchteten M\u00e4nnern\u201c im Rahmen des Behandlungsnetzwerks FATRA am <strong>25. Januar 2024<\/strong> im Sigmund-Freud-Institut in Frankfurt\/Main.<\/p>\n\n\n\n<p>Vortrag beim European Network of Social Authorities (ENSA) in Br\u00fcssel zum Thema \u201cTherapeutic Care for foster families with unaccompanied minor refugees\u201d, am <strong>22. <\/strong><strong>Januar 2024.<\/strong><\/p>\n\n\n\n<p>Online-Therapieseminar zum Thema: \u201eWinnicotts concept of <em>Object Presenting\u201c<\/em> der postgradualen Ausbildung der Universit\u00e4t Leuven und der Universit\u00e4t Kassel am <strong>16. Januar 2024<\/strong>.<\/p>\n\n\n\n<p><strong>2023<\/strong><br>Ausbildungstag: \u201eInterkulturelle Psychotherapie mit Familien mit Migrations- oder Fluchthintergrund\u201c an der KU Leuven, am <strong>21. Dezember 2023 <\/strong>in Leuven, Belgien.<\/p>\n\n\n\n<p>Vortrag zum Thema \u201eAmbivalenzkonzept in den Schriften von Melanie Klein\u201c im Rahmen der postgradualen Ausbildung der psychoanalytischen Kinder- und Jugendtherapeuten der KU Leuven, am <strong>19. Dezember 2023 <\/strong>in Leuven, Belgien.<\/p>\n\n\n\n<p>Workshop zum Thema \u201eNa\u00eetre en situation transculturelle\u201c f\u00fcr die Association international d\u2019Ethnopsychanalyse am <strong>21. November 2023 <\/strong>im Centre Babel in Paris, Frankreich.<\/p>\n\n\n\n<p>Zweit\u00e4giger Workshop zum Thema \u201eTherapeutic foster care for families with unaccompanied minor refugees\u201c im Rahmen des EU-Projekts FORM am <strong>14. Und 15. November 2023 <\/strong>in Nicosia, Zypern.<\/p>\n\n\n\n<p>Impulsvortrag zum Thema \u201eWie verstehen wir aus einer entwicklungspsychologischen Perspektive soziale \u00c4ngste und Aggressionsregulierungsprobleme von Kindern und wie k\u00f6nnen wir Kinder in unseren Kinderzentren diesbez\u00fcglich gut unterst\u00fctzen?\u201c im Kontext des Starthilfe Projekts, f\u00fcr der Mitarbeitenden der KiTa Frankfurter, am <strong>19. Oktober 2023<\/strong> im Sigmund-Freud-Institut Frankfurt.<\/p>\n\n\n\n<p>Vortrag \u201eDevelopmentally based assessment of emotion regulation in children\u201c beim Fl\u00e4mischen Verein f\u00fcr psychoanalytische Kinder- und Jugendlichentherapie&nbsp; am <strong>12. Oktober 2023 <\/strong>in Leuven.<\/p>\n\n\n\n<p>Vortrag: \u201eKomplexe M\u00e4nnlichkeiten: \u00c4nderungen der famili\u00e4ren Rollen und des Geschlechterbildes bei gefl\u00fcchteten M\u00e4nnern\u201c im Rahmen des Fachtages: \u201eMeine Arbeit und Ich &#8211; Ich und meine Arbeit. Begegnungen mit alten und neuen M\u00e4nnerrollen im Kontext von Flucht\u201c des Psychosozialen Zentrums Rhein\/Main am <strong>22. September 2023<\/strong> im Sigmund-Freud-Institut in Frankfurt\/Main.<\/p>\n\n\n\n<p>Vortrag <a>\u201eAuf den Spuren von Odysseus und Prinzessin Europa: Lehren aus der klassischen Antike f\u00fcr die Betreuung von gefl\u00fcchteten Menschen heute<\/a>\u201c im Rahmen einer Veranstaltung der Johanniter-Unfall-Hilfe Frankfurt am <strong>21. September 2023 <\/strong>in Frankfurt\/Main<strong>.<\/strong><\/p>\n\n\n\n<p>Dankeswort zur Preisverleihung des IPA World-Award for Prevention of Violence am <strong>26.07.2023<\/strong> f\u00fcr das PSV-Projekt des Sigmund-Freud-Instituts w\u00e4hrend dem j\u00e4hrlichen internationalen Kongress der International Psychoanalytical Association in Carthagena, Kolumbien.<\/p>\n\n\n\n<p>Vortrag \u201eMentalisierende Elternberatung im Kontext einer psychoanalytischen Kindertherapie\u201c im Rahmen der postgradualen Ausbildung der Psychoanalytischen Kinder- und Jugendtherapie der Universit\u00e4t Kassel, am <strong>13. Juni 2023 <\/strong>in Kassel.<\/p>\n\n\n\n<p>Vortrag \u201eAffektregulierung und Mentalisierung in der psychoanalytischen Kinder-psychotherapie\u201c im Rahmen der postgradualen Ausbildung der Psychoanalytischen Kinder- und Jugendtherapie der Universit\u00e4t Kassel, am <strong>30. Mai 2023 <\/strong>in Kassel.<\/p>\n\n\n\n<p>Onlinevortrag \u201eMigrations- und Fluchtdynamiken in einer psychoanalytischen Therapie\u201c f\u00fcr die Fachbereiche Erziehungswissenschaften, Psychologie und Sozialwesen der Universit\u00e4t Kassel, am <strong>25. Mai 2023<\/strong>.<\/p>\n\n\n\n<p>Vortrag \u201eDie Dynamik der Elternbetreuung im Kontext einer Kindertherapie\u201c im Rahmen der Tagung der Ausbildungskandidaten der verschiedenen Therapiemodelle (Psychoanalytische Therapie, Verhaltenstherapie, Systemische Therapie, Existentielle-Rogerianische Therapie) der Universit\u00e4t Leuven, am <strong>12. Mai 2023 <\/strong>in Leuven.<\/p>\n\n\n\n<p>Impulsvortrag: \u201eResilienz und Verletzbarkeit in unserer Arbeit als Erzieher*innen in der KiTa\u201c am <strong>4. Mai 2023<\/strong> im Sigmund-Freud-Institut in Frankfurt\/Main in Kooperation mit Kita Frankfurt (geschlossene Veranstaltung).<\/p>\n\n\n\n<p>Vortrag \u201eDie aktuelle psychodynamische Mentalisierungsperspektive im historischen Kontext der Behandlungen im Therapiezentrum \u201aDe Berkjes\u2018 in Br\u00fcgge\u201c im Rahmen der Er\u00f6ffnung der neuen Geb\u00e4uden des Diagnostik- und Behandlungszentrums De Berkjes, am <strong>28. April 2023 <\/strong>in Br\u00fcgge.<\/p>\n\n\n\n<p>Vortrag \u201eElternschaft in einer transgenerationalen Perspektive\u201c im Rahmen der postgradualen Ausbildung der psychoanalytischen Kinder- und Jugendtherapeuten der KU Leuven, am <strong>27. April 2023 <\/strong>in Leuven.<\/p>\n\n\n\n<p>Workshop-Leitung w\u00e4hrend der Konferenz am <strong>21.\/22. April 2023<\/strong> zum Thema \u201eDas Ringen um Zugeh\u00f6rigkeit. Soziale und psychische Dynamiken in der Migrationsgesellschaft\u201c, veranstaltet von den Promotionskollegs des Sigmund-Freud-Instituts (SFI) und des Instituts f\u00fcr Sozialforschung (IfS) in Frankfurt\/Main, gef\u00f6rdert von der Hans-B\u00f6ckler-Stiftung.<\/p>\n\n\n\n<p>Vortrag \u201eEntwicklungsmodelle in der psychoanalytischen Kinder- und Jugendtherapie\u201c im Rahmen der postgradualen Ausbildung der psychoanalytischen Kinder- und Jugendtherapeuten der KU Leuven, am <strong>30. M\u00e4rz 2023 <\/strong>in Leuven.<\/p>\n\n\n\n<p>Workshop \u201eEthnopsychoanalytische Perspektiven auf Parent-Infant Mental Health Care\u201c im Rahmen der j\u00e4hrlichen Tagung der World Assosiation Infant Mental Health Care Flandern (Waimh-Flandern), am <strong>24. M\u00e4rz 2023 <\/strong>in Kortenberg\/Br\u00fcssel.<\/p>\n\n\n\n<p>Workshop \u201eMethods for therapeutic care for foster families with unaccompanied minor refugees: caring for the foster care workers\u201c im Rahmen der Weiterbildung f\u00fcr Mitarbeitende von Pflegedienste aus mehreren europ\u00e4ischen L\u00e4ndern am Instituto Salesiano Pio XI, am <strong>08. M\u00e4rz 2023 <\/strong>in Rom.<\/p>\n\n\n\n<p>Workshop \u201eTherapeutic care for foster families with unaccompanied minor refugees\u201c im Rahmen der Weiterbildung f\u00fcr Mitarbeitende von Pflegedienste aus mehreren europ\u00e4ischen L\u00e4ndern am Instituto Salesiano Pio XI, am <strong>07. M\u00e4rz 2023 <\/strong>in Rom.<\/p>\n\n\n\n<p>Workshop \u201eAggression und moralische Entwicklung\u201c im Rahmen der postgradualen Ausbildung der Psychoanalytischen Kinder- und Jugendtherapie der Universit\u00e4t Kassel, am <strong>16. Februar 2023 <\/strong>in Kassel.<\/p>\n\n\n\n<p>Workshop \u201eKultursensible infant mental helth\u201c im Rahmen der postgradual Ausbildung Infant Mental Health Care der KU Leuven, am <strong>14. Februar 2023 <\/strong>in Leuven.<\/p>\n\n\n\n<p>Impulsvortrag: \u201eP\u00e4dagogische Arbeit nach Corona: Wie gestalten wir unsere Arbeit mit den Kindern und ihren Eltern?\u201c am <strong>9. Februar 2023<\/strong> im Mainhaus in Frankfurt\/Main in Kooperation mit Kita Frankfurt.<\/p>\n\n\n\n<p>Vortrag &#8222;Auf den Spuren von Odysseus und Prinzessin Europa: Lehren aus der klassischen Antike f\u00fcr die Betreuung von gefl\u00fcchteten Menschen Heute&#8220; im Rahmen einer Veranstaltung der F\u00f6rdergesellschaft des Sigmund-Freud-Instituts am <strong>24. Januar 2023<\/strong> im Sigmund-Freud-Institut Frankfurt\/Main.<\/p>\n\n\n\n<p><strong>2022<\/strong><br>Online-Vortrag \u201eResponsivit\u00e4t bei Begleitpersonen von Gefl\u00fcchteten: Begegnungen mit Trauer- und Traumadynamiken \u2013 Perspektiven aus der Bindungsforschung\u201c im Rahmen der PSV-Fachtagung \u201eMeine Arbeit und Ich &#8211; Ich und meine Arbeit. Zwischen Halten und Aushalten von Trauma und Flucht&#8220; am <strong>25. November 2022.<\/strong><\/p>\n\n\n\n<p>Gru\u00dfwort zum Auftaktvortrag von Samuel Salzborn \u201eKollektive Unschuld. Die Abwehr der Shoah im deutschen Erinnern\u201c des Projekts \u201aAntisemitismuserfahrung in der Dritten Generation\u2018 am <strong>10. November 2022.<\/strong><\/p>\n\n\n\n<p>Live-Vortrag \u201eAufbau therapeutischer Begegnungen mit Kindern in der Ankommensphase nach der Flucht\u201c im Rahmen der Kinderanalytischen Konferenz zum Thema \u201ePsychoanalyse \u2013 \u201eout of the box\u201c des mpi in Mainz am <strong>15. Oktober 2022.<\/strong><\/p>\n\n\n\n<p>Online-Vortrag \u201eIm Dickicht des Ankommens \u2013 Resultate der empirischen Forschung zur Verletzbarkeit und Resilienz gefl\u00fcchteter Menschen in der Phase des Ankommens\u201c im Rahmen der Fachtagung und Buchvorstellung \u201eIm Dickicht des Ankommens\u201c des Projekt \u201aZwischenr\u00e4ume des Ankommens\u2018 am <strong>07. Oktober 2022.<\/strong><\/p>\n\n\n\n<p>Workshop-Leitung gemeinsam mit Rana Zokai zum Thema \u201eVerbindende Beziehungen: Dimensionen psychosozialer Arbeit mit Gefl\u00fcchteten\u201c im Rahmen der Fachtagung und Buchvorstellung \u201eIm Dickicht des Ankommens\u201c des Projekt \u201aZwischenr\u00e4ume des Ankommens\u2018 am <strong>07. Oktober 2022.<\/strong><\/p>\n\n\n\n<p>Gru\u00dfwort und Moderation w\u00e4hrend des Symposiums zum 100. Geburtstag Alfred Lorenzers- \u201eSzenisches Verstehen in Therapie und Forschung\u201c in Frankfurt am Main am <strong>01. Oktober 2022.<\/strong><\/p>\n\n\n\n<p>Live-Vortrag \u201eSoziale Angst(problematik) in klinischer und gesellschaftlicher Perspektive\u201c im Rahmen der Jubil\u00e4umstagung des Anna-Freud-Instituts Frankfurt e.V. in Frankfurt am Main am <strong>24. September 2022.<\/strong><\/p>\n\n\n\n<p>Online-Vortrag \u201eTrauma- und missbrauchssensible Schulen und Lehrer*innenausbildungen \u2013 was wir dazu aus kinderpsychotherapeutischen Prozessen lernen k\u00f6nnen\u201c im Rahmen der Special Interest Group \u201ePr\u00e4vention sexueller Gewalt in Schulen bzw. p\u00e4dagogischen Instituten\u201c am <strong>03. Februar 2022.<\/strong><\/p>\n\n\n\n<p>Online Vortr\u00e4ge in der Seminarreihe \u201eEntwicklungsorientierte psychoanalytische Kinder- und Jugendlichentherapie\u201c im Rahmen der postgradual Ausbildung Kinder- und Jugendlichen-psychotherapie der Universit\u00e4t im Zusammenarbeit mit dem Alexander Mitscherlich Institut Kassel, am <strong>25. Januar 2022<\/strong> und<strong> 8. Februar 2022<\/strong><\/p>\n\n\n\n<p>Online-Vortrag zum Thema \u201eAffektregulierung und Mentalisierung in die psychoanalytische Kindertherapie\u201c im Rahmen der postgradual Ausbildung Kinder- und Jugendtherapie der Universit\u00e4t Leuven am <strong>20. Januar 2022<\/strong><\/p>\n\n\n\n<p>Online-Tagung \u201eKinderentwicklung nach multiplen Bindungsabbr\u00fcchen\u201c f\u00fcr die Organisation der Pflegefamilienhilfen Flandern am <strong>17. Januar 2022<\/strong><\/p>\n\n\n\n<p>Online-Vortragsreihe zum Thema \u201eParental Guidance in the context of Developmental Problems of Children and Youngsters\u201c im Rahmen der Ausbildung Familienwissenschaften der Hochschule (University College) Odisee in Br\u00fcssel, am <strong>8.1.2022, 31.1.2022, 5.2.2022, 14.2.2022, 28.2.2022, 5.3.2022<\/strong><\/p>\n\n\n\n<p><strong>2021<\/strong><br>Live Vortrag zum Thema \u201eReading Melanie Klein\u201c im Rahmen der postgradual Ausbildung Kinder- und Jugendpsychotherapie der Universit\u00e4t Leuven am <strong>23. Dezember 2021<\/strong><\/p>\n\n\n\n<p>Live Vortrag \u201eExplorative and Ego-supportive Child Psychotherapy\u201c im Rahmen der postgradual Ausbildung Kinder- und Jugendpsychotherapie der Universit\u00e4t Leuven am <strong>9. Dezember 2021<\/strong><\/p>\n\n\n\n<p>Online-Vortrag \u201eCoping und Abwehrmechanismen\u201c im Rahmen der postgradual Ausbildung Kinder- und Jugendpsychotherapie der Universit\u00e4t Kassel am <strong>25. November 2021<\/strong><\/p>\n\n\n\n<p>Online-Vortrag \u201eEine Kindheit im Hintergrund: Effekte einer fluchtbedingten psychischen Erkrankung eines Elternteils\u201c im Rahmen der Fachtagung \u201eMeine Arbeit und Ich \u2013 Ich und meine Arbeit. Vulnerable Gruppen in der Hilfe f\u00fcr Gefl\u00fcchtete\u201c f\u00fcr Haupt- und Ehrenamtliche in der Arbeit mit Gefl\u00fcchteten im Rhein-Main-Gebiet am <strong>19. November 2021.<\/strong><\/p>\n\n\n\n<p>Live-Vortrag zum Thema \u201eVerflochtenheit mit Herkunft in der interkulturellen Therapie\u201c im Rahmen der postgradual Ausbildung Kinder- und Jugendtherapie der Universit\u00e4t Kassel in Zusammenarbeit mit dem Alexander Mitscherlich Institut Kassel, am <strong>18. Oktober 2021<\/strong><\/p>\n\n\n\n<p>Live-Vortrag zum Thema \u201eReligious Radicalization\u201c im Rahmen der Vortragsreihe Religions-psychologie im interkulturellen Kontext, an der Universit\u00e4t Leuven am <strong>15. Oktober 2021<\/strong><\/p>\n\n\n\n<p>Online- Vortrag zum Thema \u201eDisorganized attachment in infancy: a review of the phenomenon and its implications for clinicians\u201d im Rahmen der Seminare der European Society for Trauma and Dissociation in Br\u00fcssel am <strong>12. <\/strong><strong>August 2021<\/strong><\/p>\n\n\n\n<p>Live-Vortrag zum Thema \u201e\u00c4quifinalit\u00e4t und Multifinalit\u00e4t in der Kinder- und Jugendentwicklung\u201c im Rahmen der postgradual Ausbildung Kinder- und Jugendtherapie der Universit\u00e4t Gent am <strong>1. April 2021<\/strong><\/p>\n\n\n\n<p>Online-Vortragsreihe zum Thema \u201eProblementwicklung von Kindern und Elterngespr\u00e4che\u201c im Rahmen der Ausbildung Familienwissenschaften der Hochschule (University College) Odisee in Br\u00fcssel, am <strong>20.3.2021, 22.3.2021, 3.4.2021, 19.4.2021, 24.4.2021 <\/strong>und <strong>26.4.2021<\/strong><\/p>\n\n\n\n<p>Online-Vortrag \u201eTransgenerativity and Parenthood\u201c im Rahmen der postgradual Ausbildung Kinder- und Jugendpsychotherapie der Universit\u00e4t Leuven am <strong>18. M\u00e4rz 2021<\/strong><\/p>\n\n\n\n<p>Online-Vortrag \u201eEntwicklung von Kleinkindern: das zweite und dritte Lebensjahr\u201c im Rahmen der postgradual Ausbildung Infant Mental Health der Universit\u00e4t Leuven, am<strong> 16. M\u00e4rz 2021<\/strong><\/p>\n\n\n\n<p>Online-Vortrag \u201eModels of Child and Youth Development\u201c im Rahmen der postgradual Ausbildung Kinder- und Jugendpsychotherapie der Universit\u00e4t Leuven am <strong>4. M\u00e4rz 2021<\/strong><\/p>\n\n\n\n<p>Online-Vortrag \u201eEntwicklung von Kleinkindern: das erste Lebensjahr\u201c im Rahmen der postgradual Ausbildung Infant Mental Health der Universit\u00e4t Leuven, am <strong>2. M\u00e4rz 2021<\/strong><\/p>\n\n\n\n<p>Online-Vortrag \u201eCultural sensitivity in intercultural Therapy\u201d im Rahmen der postgradual Ausbildung Interkulturelle Therapie und Beratung der Universit\u00e4t Antwerpen, am <strong>16. Februar 2021<\/strong><\/p>\n\n\n\n<p>Online-Vortrag \u201eAffektentwicklung und Objektbeziehungen\u201c im Rahmen der postgradual Ausbildung Kinder- und Jugendpsychotherapie der Universit\u00e4t Leuven am <strong>4. Februar 2021<\/strong><\/p>\n\n\n\n<p>Online-Seminar \u201eKinderentwicklung nach Migration und Flucht\u201c im Rahmen der postgradual Ausbildung Infant Mental Health der Universit\u00e4t Leuven, am <strong>2. Februar 2021<\/strong><\/p>\n\n\n\n<p>Online-Vortrag \u201eAggressionsentwicklung\u201c im Rahmen der postgradual Ausbildung Kinder- und Jugendpsychotherapie der Universit\u00e4t Leuven am <strong>21. Januar 2021<\/strong><\/p>\n\n\n\n<p>Online Vortr\u00e4ge in der Seminarreihe \u201eEntwicklungsorientierte psychoanalytische Kinder- und Jugendlichentherapie\u201c im Rahmen der postgradual Ausbildung Kinder- und Jugendlichen-psychotherapie der Universit\u00e4t im Zusammenarbeit mit dem Alexander Mitscherlich Institut Kassel, am <strong>12. Januar 2021, 26. Januar 2021, 20. April 2021, 4. Mai 2021, 18. Mai 2021, 15. Juni 2021, 22. Juni 2021, 6. Juli 2021, 16. November 2021, 30. November 2021, 14. Dezember 2021<\/strong><\/p>\n\n\n\n<p>Live Vortrag \u201eLatenzzeit\u201c im Rahmen der postgradual Ausbildung Kinder- und Jugendpsychotherapie der Universit\u00e4t Leuven am <strong>7. Januar 2021<\/strong><\/p>\n\n\n\n<p>Live-Vortrag \u201eReading Anna Freud\u201d im Rahmen der postgradual Ausbildung Kinder- und jugendpsychotherapie der Universit\u00e4t Leuven am <strong>5. Januar 2021<\/strong><\/p>\n\n\n\n<p><strong>2020<\/strong><br>Online-Vortrag \u201eVer\u00e4nderte Praxis, ver\u00e4nderte Verh\u00e4ltnisse !? Einfl\u00fcsse der Pandemie auf die psychotherapeutische Arbeit mit Kindern und Jugendlichen\u201c im Rahmen der F\u00f6rdergesellschaft des Sigmund-Freud-Instituts Frankfurt\/Main am <strong>12. November 2020.<\/strong><\/p>\n\n\n\n<p>Impulsvortrag: \u201eGeschlechts- und Identit\u00e4tsentwicklung von Kindern in unseren Kinderzentren\u201c am <strong>5. M\u00e4rz 2020<\/strong> im Sigmund-Freud-Institut in Frankfurt\/Main in Kooperation mit Kita Frankfurt (geschlossene Veranstaltung).<\/p>\n\n\n\n<p>Vortrag: \u201eSekund\u00e4re Traumatisierung der Begleiter von Kindern mit komplexen Bindungstraumatisierungen\u201c am <strong>14. Februar 2020<\/strong> w\u00e4hrend der Tagung \u201aIn der Feuerlinie des Traumas\u2018 des westfl\u00e4mischen station\u00e4ren Aufnahmezentrum f\u00fcr Diagnostik und Therapeutische Behandlung \u201aDe Berkjes\u2018 in Br\u00fcgge, Belgien.<\/p>\n\n\n\n<p>Vortrag: \u201eTransculturelle Therapien in Zeiten von Migration und Flucht\u201c am <strong>31. Januar 2020<\/strong> w\u00e4hrend der Tagung \u201aGrenzen verlegen. Transculturelle Hilfen: vom Hindernis bis zur Chance.\u2018 des fl\u00e4mischen Vereins psychoanalytischer Hilfen in Kortenburg\/Leuven, Belgien.<\/p>\n\n\n\n<p><strong>2019<\/strong><br>Vortrag: \u201eAuseinander als Partner, zusammen Eltern bleiben\u201c am <strong>14. November 2019<\/strong> im Historischen Rathaussaal Marburg, veranstaltet vom Arbeitskreis Marburger PsychoanalytikerInnen in Zusammenarbeit mit der VHS Marburg.<\/p>\n\n\n\n<p>Vortrag: \u201eDer Bilanzbericht der unabh\u00e4ngigen Kommission zur Aufarbeitung sexuellen Kindesmissbrauchs \u2013 Konsequenzen f\u00fcr die p\u00e4dagogische und psychologische Praxis\u201c am <strong>24. Oktober 2019<\/strong> im Rahmen der Tagung: \u201eProfessions-Ethik nach 2010. Sexualit\u00e4t und Macht in Schule und Sozialer Arbeit\u201c. Universit\u00e4t Kassel in Kooperation mit dem Bundesministerium f\u00fcr Bildung und Forschung.<\/p>\n\n\n\n<p>Vortrag zusammen mit Prof. Dr. Andrea Lanfranchi (HfH Z\u00fcrich) und Dr. Constanze Rickmeyer (SFI): \u201eFr\u00fche pr\u00e4ventive F\u00f6rderung psychosozial belasteter Familien mit Kleinkindern \u2013 Konzeption, Umsetzung und Befunde der beiden Projekte ZEPPELIN und ERSTE SCHRITTE\u201c im Rahmen des Veranstaltungstages: \u201ePsychosoziale Folgen von Migration und Flucht\u201c am <strong>19. September 2019<\/strong> im Sigmund-Freud-Institut, Frankfurt am Main.<\/p>\n\n\n\n<p>Moderation im Rahmen des Veranstaltungstages: \u201ePsychosoziale Folgen von Migration und Flucht\u201c am <strong>19. September 2019<\/strong> im Sigmund-Freud-Institut, Frankfurt am Main.<\/p>\n\n\n\n<p>Impulsvortrag: \u201eEingew\u00f6hnung in der Einrichtung \u2013 europ\u00e4ische Unterschiede am Beispiel Deutschland und Belgien\u201c am <strong>5. September 2019<\/strong> im Sigmund-Freud-Institut in Frankfurt\/Main in Kooperation mit Kita Frankfurt.<\/p>\n\n\n\n<p>Impulsvortrag: \u201eKultur im Spannungsfeld zwischen Psychologie, Soziologie und Anthropologie\u201c. Kolloquium im Rahmen des transdisziplin\u00e4ren Promotionskollegs am SFI zu \u201ePsychosozialen Folgen von Migration und Flucht. Generationale Dynamiken und adoleszente Verl\u00e4ufe\u201c am <strong>2. September 2019 <\/strong>im Sigmund-Freud-Institut, Frankfurt am Main.<\/p>\n\n\n\n<p>Vortrag: \u201eFl\u00fcchtlinge und ihre SozialarbeiterInnen \u2013 SozialarbeiterInnen und ihre Fl\u00fcchtlinge. Begegnungen in einem sehr spezifischen Kontext\u201c am <strong>23. August 2019<\/strong> im Rahmen des Fachtages: \u201eMeine Arbeit und Ich &#8211; Ich und meine Arbeit. Reflexion in der Arbeit mit Gefl\u00fcchteten\u201c des Psychosozialen Zentrums Rhein\/Main. Sigmund-Freud-Institut in Frankfurt\/Main.<\/p>\n\n\n\n<p>Vortrag: \u201eKomplex traumatisierte Jugendliche und ihre Adoptiveltern: Psychotherapeutische und p\u00e4dagogische Unterst\u00fctzung\u201c im Rahmen der Vortragsreihe \u201eAdoleszenz heute \u2013 zwischen sozialen Risiken und neuen M\u00f6glichkeitsr\u00e4umen\u201c am <strong>13. Juni 2019 <\/strong>im Sigmund-Freud-Institut in Frankfurt\/Main. FAPP &#8211; Frankfurter Arbeitskreis f\u00fcr Psychoanalytische P\u00e4dagogik e.V.<\/p>\n\n\n\n<p>Vortrag: \u201cThe need to remember and the need to forget. Verarbeitung von Trauma und Verlust bei Kindern mit Bindungsabbr\u00fcchen\u201c am <strong>24. Mai 2019<\/strong> w\u00e4hrend der Tagung \u201eDynamiken des Erinnerns und Vergessens\u201c veranstaltet vom Historischen Museum der Stadt Frankfurt\/Main in Kooperation mit dem Sigmund-Freud-Institut Frankfurt\/Main.<\/p>\n\n\n\n<p>Vortrag: \u201eVerarbeitung von Fluchterfahrungen mit Blick auf Pr\u00e4vention \u2013 eine entwicklungspsychologische sowie kinder- und jugendanalytische Perspektive\u201c am <strong>16. Mai 2019 <\/strong>im Rahmen des Auftaktworkshops des Promotionskollegs: \u201ePsychosoziale Folgen von Migration und Flucht \u2013 generationale Dynamiken und adoleszente Verl\u00e4ufe\u201c. Sigmund-Freud-Institut, Frankfurt\/Main.<\/p>\n\n\n\n<p>Impulsvortrag: \u201eSelbstwirksamkeit bei Kindern f\u00f6rdern\u201c am <strong>21. M\u00e4rz 2019<\/strong> im Sigmund-Freud-Institut in Frankfurt\/Main in Kooperation mit Kita Frankfurt.<\/p>\n\n\n\n<p>Vortrag: \u201eAngst und Zorn im Gottesbild. Psychoanalytische Perspektiven auf extreme Frommheit und Radikalisierung von islamischen Jugendlichen\u201c im Rahmen des FAPP-Fortbildungsabends am <strong>20. M\u00e4rz 2019<\/strong> in der Klinik Bamberger Hof in Frankfurt\/Main.<\/p>\n\n\n\n<p>Vortrag: \u201eKinder in gefl\u00fcchteten Familien im Blick behalten\u201c am <strong>18. M\u00e4rz 2019<\/strong> im Sigmund-Freud-Institut in Frankfurt\/Main, Behandlungsnetzwerk FATRA.<\/p>\n\n\n\n<p><strong>2018<\/strong><br>Gru\u00dfworte und Moderation w\u00e4hrend der transdisziplin\u00e4ren Tagung \u201ePathologie und Normalit\u00e4t in der Gegenwart. Ambivalenzen des Messens, Z\u00e4hlens und Klassifizierens in Psychoanalyse und Kultur\u201c am <strong>14. Dezember 2018<\/strong> veranstaltet vom Sigmund-Freud-Institut in Kooperation mit der International Psychoanalytic University\/ IPU Berlin am SFI in Frankfurt am Main.<\/p>\n\n\n\n<p>Vortrag \u201eKomplexes Trauma und Schule\u201c im Rahmen der Themenreihe \u201eTraumasensible und vernetzte Schule\u201c am <strong>10. Dezember 2018 <\/strong>im Sigmund-Freud-Institut in Frankfurt\/Main. Veranstaltet von der SIG Adaptive Bildungskontexte.<\/p>\n\n\n\n<p>Einf\u00fchrung in die Themenreihe \u201eTraumasensible und vernetzte Schule\u201c gemeinsam mit Prof. Dr. Sabine Andresen am <strong>26. November 2018 <\/strong>im Sigmund-Freud-Institut in Frankfurt\/Main. Veranstaltet von der SIG Adaptive Bildungskontexte.<\/p>\n\n\n\n<p>Vortrag \u201eDie Anziehungskraft des Extremen in Zeiten der Wanderung\u201c am <strong>2. November 2018<\/strong>, Jahrestagung f\u00fcr Individualpsychologie 2018 \u201eSpaltung \u2013 Ambivalenz \u2013 Integration\u201c der deutschen Gesellschaft f\u00fcr Individualpsychologie e.V. im Kulturzentrum Gasteig in M\u00fcnchen.<\/p>\n\n\n\n<p>Vortrag: \u201eInterkulturelle Begleitung heute\u201c anl\u00e4sslich der Tagung der \u201eFl\u00e4mischen PsychosozialarbeiterInnen\u201c am <strong>26. Oktober 2018<\/strong> in Gent\/Belgien.<\/p>\n\n\n\n<p>Er\u00f6ffnungsvortrag und Workshop \u201eResilienz in Zeiten von Flucht und Heimatlosigkeit. Pr\u00e4ventive psychosoziale Betreuung von Fl\u00fcchtlingsfamilien mit Kindern im ersten Jahr nach ihrer Ankunft\u201c am <strong>21. September 2018<\/strong> w\u00e4hrend des Fachtages \u201eGefl\u00fcchtete Familien und Fr\u00fche Hilfen\u201c des Nationalen Zentrums Fr\u00fche Hilfen (NZFH) an der Goethe-Universit\u00e4t in Frankfurt\/Main.<\/p>\n\n\n\n<p>Vortrag \u201eElternbetreuung aus kinderanalytischer Perspektive. Historik und aktuelle Fragen\u201c im Rahmen des Ringseminars<em>: <\/em>\u201eElternarbeit (Gespr\u00e4che mit Bezugspersonen) in der analytischen Psychotherapie mit Kindern, Jugendlichen und jungen Erwachsenen\u201c am <strong>18. September 2018<\/strong> im Alexander-Mitscherlich-Institut in Kassel<\/p>\n\n\n\n<p>Vortrag: \u201eSignale und Symptome von Kindern in Krisen\u201c am <strong>6. September 2018<\/strong> im Sigmund-Freud-Institut in Frankfurt\/Main in Kooperation mit Kita Frankfurt.<\/p>\n\n\n\n<p>Vortrag w\u00e4hrend der Summer School \u201eCounselling and social work with children and families in reception initiatives\u201cam <strong>28. <\/strong><strong>Juni 2018<\/strong> in der Hochschule Odisee Br\u00fcssel.<\/p>\n\n\n\n<p>Gastvortrag \u201eMigrations- und fluchtspezifische Aspekte der Fr\u00fchpr\u00e4vention\u201c am <strong>7. Juni 2018<\/strong> in der Universit\u00e4t Leipzig. Organisiert von der Klinik und Poliklinik f\u00fcr Psychiatrie, Psychotherapie und Psychosomatik des Kindes- und Jugendalter.<\/p>\n\n\n\n<p>\u201eFallbesprechung\u201c im Seminar zur Behandlungstechnik bei Gefl\u00fcchteten (Migration und Trauma) am <strong>24. Mai 2018<\/strong>. Frankfurter Psychoanalytisches Institut, FPI.<\/p>\n\n\n\n<p>Vortrag \u201eVerarbeitungsm\u00f6glichkeiten sexualisierter Gewalt: der schwierige Pfad von der Verleugnung zur Anerkennung\u201c im Rahmen der Ringvorlesung \u201aSexualisierte Gewalt in schulischen Einrichtungen. Analysen und Konsequenzen f\u00fcr p\u00e4dagogische Forschung, Ausbildung und Praxis\u2018 am <strong>8. Mai 2018<\/strong> in der Universit\u00e4t in Kassel.<\/p>\n\n\n\n<p>Vortrag: \u201eDie Arbeit mit Kindern und Eltern im Kontext von Diversit\u00e4t\u201c am <strong>15. M\u00e4rz 2018<\/strong> im Sigmund-Freud-Institut in Frankfurt\/Main in Kooperation mit Kita Frankfurt.<\/p>\n\n\n\n<p>Vortrag: \u201ePsychische Probleme bei Fl\u00fcchtlingen\u201c am <strong>9. M\u00e4rz 2018<\/strong> beim Psychologischen Dienst Br\u00fcssel des Innenministeriums Belgien.<\/p>\n\n\n\n<p>Vortrag: \u201eStreit, Abgr\u00fcnde und (un-)erreichbare Menschen. Wie ein komplexes Bindungstrauma sich zeigt in einer zweist\u00fcndigen analytischen Kindertherapie\u201c am <strong>2. M\u00e4rz 2018<\/strong> im &#8218;Forum III f\u00fcr Kinder- und Jugendlichen Psychoanalyse&#8216; w\u00e4hrend derDPV Fr\u00fchjahrstagung 2018 an der Goethe-Universit\u00e4t Frankfurt.<\/p>\n\n\n\n<p>Vortrag: \u201eDie Anziehungskraft des Extremen in Zeiten der Wanderung: psychoanalytische Perspektiven zur Radikalisierung\u201c am <strong>27. Februar 2018<\/strong> im Sigmund-Freud-Institut in Frankfurt\/Main, Behandlungsnetzwerk FATRA.<\/p>\n\n\n\n<p>Vortrag: \u201eKultursensible Infant Mental Health Care\u201c am <strong>20. Februar 2018<\/strong> in Rino-Flandern, Leuven\/Belgien.<\/p>\n\n\n\n<p>Vortrag: \u201eBindungstrauma\u201c am <strong>9. Februar 2018<\/strong> bei der Jugendhilfe Flandern, Gent\/Belgien.<\/p>\n\n\n\n<p>Vortrag: \u201eKinder mit komplexen Traumatisierungen in ihrer Bindungsgeschichte. Psychoanalytische Kindertherapie, Elternbetreuung und Netzwerkbegleitung\u201c am <strong>15. Januar 2018<\/strong> im Sigmund-Freud-Institut in Frankfurt\/Main, SIG-Pr\u00e4vention im Rahmen des IDeA-Zentrums.<\/p>\n\n\n\n<p>Vortrag: \u201eSeminar zur kleinianischen Psychoanalyse\u201c. Fakult\u00e4t Psychologie und P\u00e4dagogik, Leuven\/Belgien am <strong>11. Januar 2018.<\/strong><\/p>\n\n\n\n<p><strong>2017<\/strong><br>Vortrag \u201eRadikalisierung im Kontext der Diversit\u00e4t. Psychologische Perspektiven auf eine gesellschaftliche Herausforderung\u201c. Vorlesungen f\u00fcr das 21. Jahrhundert. 24. Vorlesungsreihe zum Akademischen Jahr 2017-2018 am <strong>4. Dezember 2017<\/strong> an der KU Leuven.<\/p>\n\n\n\n<p>Vortrag \u201eRadikalisierung bei muslimischen Adoleszenten: psychoanalytische Perspektiven auf eine gesellschaftliche Frage\u201c im Rahmen der F\u00f6rdergesellschaft des Sigmund-Freud-Instituts am <strong>30. November 2017<\/strong> im Sigmund-Freud-Institut in Frankfurt\/Main.<\/p>\n\n\n\n<p>Vortr\u00e4ge \u201eMomenten van evenwicht voor een snel ontregelde binnenwereld\u201c \/ <em>\u201eInseln der Regulierung in einem dysregulierten Selbst\u201c<\/em> und \u201eBouwen aan een verhaal als basis van je identiteit\u201c \/ <em>\u201eNarrative Bausteine der therapeutischen Identit\u00e4tssuche\u201c<\/em> im Rahmen der Tagung \u201aVan kwetsuur naar litteken\u2018 am <strong>20.10.2017<\/strong> und dem Workshop <strong>am 21.10.2017<\/strong> in Leuven in Belgien.<\/p>\n\n\n\n<p>Impulsvortrag zur Fr\u00fchkindlichen Entwicklung in den ersten drei Lebensjahren \u201eFrom We-go to Ego (Vom wir zum Ich)\u201c am <strong>19. Oktober 2017<\/strong> im Sigmund-Freud-Institut in Frankfurt.<\/p>\n\n\n\n<p>Vortrag im Rahmen der 10. DPV-Sommeruniversit\u00e4t \u201eAuseinander als Partner, zusammen Eltern bleiben: psychoanalytische Perspektiven \u00fcber Elternschaft nach Ehetrennung\u201c am <strong>7. September 2017<\/strong> an der Goethe-Universit\u00e4t Frankfurt\/Main.<\/p>\n\n\n\n<p>Vortrag \u201eFr\u00fche Entwicklungsprofile von Kindern mit Migrationshintergrund als Basis f\u00fcr gezielte Pr\u00e4ventionsinitiative\u201c am <strong>11. Mai 2017<\/strong> beim IDeA-Bilanzworkshop am DIPF in Frankfurt\/Main.<\/p>\n\n\n\n<p>Vortrag \u201eKomplex traumatisierte Kinder und die Herausforderungen f\u00fcr Pflege- und Adoptionsfamilien\u201c im Rahmen der Ringvorlesung \u201aFamili\u00e4re Konstellationen\u2018 am <strong>8. Mai 2017<\/strong> in der Universit\u00e4t Kassel<\/p>\n\n\n\n<p>Vortrag \u201eRadikalisierung in der Adoleszens\u201c w\u00e4hrend der \u201aJoseph Sandler Psychoanalytic Research Conference\u2018 am <strong>05. M\u00e4rz 2017<\/strong> in Frankfurt\/Main.<\/p>\n\n\n\n<p><strong>2015<\/strong><br>Lebiger-Vogel, J., Burkhardt-Mu\u00dfmann, C., Fritzemeyer, K., Marx, C., Rickmeyer, C., Walther, A.C. (2015). \u201eErste Schritte \u2013 Ein Fr\u00fchpr\u00e4ventionsangebot f\u00fcr Familien mit Migrationshintergrund\u201c. Panel und Diskussion mit Patrick Meurs w\u00e4hrend der \u2018Psychoanalytic Research Conference 2015, Approaching \u201cchildren-at-risk\u201d \u2013 Psychoanalytic and interdisciplinary research on traumatized children\u2019 am <strong>28. Februar 2015<\/strong> in Frankfurt\/Main.<\/p>\n\n\n\n<p><strong>2013<br><\/strong>\u201eMoeilijke boodschappen geven aan allochtone ouders\u201d. Congres over socio-emotionele leerlingbegeleiding in het basisonderwijs. Antwerpen, <strong>17 September 2013<\/strong>.<\/p>\n\n\n\n<p>\u201eFirst Steps: a culture sensitive programme of developmental guidance for immigrant families with infants\u201d. \u2018Sandler Conference on psychoanalytic research\u2019 Frankfurt\/Main, 16 March 2013.<\/p>\n\n\n\n<p><strong>2012<\/strong><br>\u201eFirst Steps: a culture sensitive developmentally based prevention programme for immigrant families with infants (0-3). \u2018Sandler Conference on psychoanalytic research\u2019. <strong>Frankfurt\/Main, 3-5 March 2012.<\/strong><\/p>\n\n\n\n<p><strong>2011<\/strong><br>\u201eFee\u00ebn rond de wieg. Veerkracht en kwetsbaarheid in de vroegste ouder-baby relatie in diverse migratiegolven\u201d. Congres \u2018Kinder- en Jeugdpsychiatrie en \u2013psychotherapie\u2019. Leuven, <strong>22-23 September 2011<\/strong>.<\/p>\n\n\n\n<p>\u201eAffectinterpretatie en emotieregulatie. Meting van gevoelsleven bij kinderen\u201d. \u2018Congres Kinder- en jeugdpsychiatrie en \u2013psychotherapie\u2019. Leuven, <strong>22-23 September 2011<\/strong>.<\/p>\n\n\n\n<p><strong>2020<\/strong><br>Casalin, S., Luyten, P., Vliegen, N., &amp; Meurs, P. (2010). Poster session: The structure and longitudinal stability of temperament during infancy and toddlerhood. Occasional Temperament Conference. Bowdoin College, Brunswick, Maine, <strong>7-11 October 2010<\/strong>.<\/p>\n","protected":false},"excerpt":{"rendered":"<p>2024Vortrag: \u201eKomplexe M\u00e4nnlichkeiten: \u00c4nderungen der famili\u00e4ren Rollen und des Geschlechterbildes bei gefl\u00fcchteten M\u00e4nnern\u201c im Rahmen des Behandlungsnetzwerks FATRA am 25. Januar 2024 im Sigmund-Freud-Institut in Frankfurt\/Main. Vortrag beim European Network of Social Authorities (ENSA) in Br\u00fcssel zum Thema \u201cTherapeutic Care for foster families with unaccompanied minor refugees\u201d, am 22. Januar 2024. Online-Therapieseminar zum Thema: \u201eWinnicotts &hellip; <\/p>\n<p class=\"link-more\"><a href=\"https:\/\/sigmund-freud-institut.de\/index.php\/mitarbeiter-innen\/prof-dr-patrick-meurs\/vortrage\/\" class=\"more-link\"><span class=\"screen-reader-text\">\u201eVortr\u00e4ge\u201c<\/span> weiterlesen<\/a><\/p>\n","protected":false},"author":2,"featured_media":0,"parent":7913,"menu_order":0,"comment_status":"closed","ping_status":"closed","template":"","meta":{"footnotes":""},"class_list":["post-8192","page","type-page","status-publish","hentry"],"_links":{"self":[{"href":"https:\/\/sigmund-freud-institut.de\/index.php\/wp-json\/wp\/v2\/pages\/8192","targetHints":{"allow":["GET"]}}],"collection":[{"href":"https:\/\/sigmund-freud-institut.de\/index.php\/wp-json\/wp\/v2\/pages"}],"about":[{"href":"https:\/\/sigmund-freud-institut.de\/index.php\/wp-json\/wp\/v2\/types\/page"}],"author":[{"embeddable":true,"href":"https:\/\/sigmund-freud-institut.de\/index.php\/wp-json\/wp\/v2\/users\/2"}],"replies":[{"embeddable":true,"href":"https:\/\/sigmund-freud-institut.de\/index.php\/wp-json\/wp\/v2\/comments?post=8192"}],"version-history":[{"count":2,"href":"https:\/\/sigmund-freud-institut.de\/index.php\/wp-json\/wp\/v2\/pages\/8192\/revisions"}],"predecessor-version":[{"id":12534,"href":"https:\/\/sigmund-freud-institut.de\/index.php\/wp-json\/wp\/v2\/pages\/8192\/revisions\/12534"}],"up":[{"embeddable":true,"href":"https:\/\/sigmund-freud-institut.de\/index.php\/wp-json\/wp\/v2\/pages\/7913"}],"wp:attachment":[{"href":"https:\/\/sigmund-freud-institut.de\/index.php\/wp-json\/wp\/v2\/media?parent=8192"}],"curies":[{"name":"wp","href":"https:\/\/api.w.org\/{rel}","templated":true}]}}